{"id":177,"date":"2020-10-30T10:27:21","date_gmt":"2020-10-30T10:27:21","guid":{"rendered":"https:\/\/pruveda.ch\/wordpress\/?page_id=177"},"modified":"2020-11-23T09:25:11","modified_gmt":"2020-11-23T09:25:11","slug":"reiseberichte-2005-17","status":"publish","type":"page","link":"https:\/\/pruveda.ch\/?page_id=177","title":{"rendered":"Reiseberichte 2005-16"},"content":{"rendered":"\n<p class=\"has-medium-font-size\">Reiseberichte 2005-2016 (PDF)<\/p>\n\n\n\n<div class=\"wp-block-columns is-layout-flex wp-container-core-columns-is-layout-1 wp-block-columns-is-layout-flex\">\n<div class=\"wp-block-column is-layout-flow wp-block-column-is-layout-flow\">\n<figure class=\"wp-block-image size-large\"><img loading=\"lazy\" decoding=\"async\" width=\"1024\" height=\"684\" src=\"https:\/\/pruveda.ch\/wp-content\/uploads\/2020\/11\/23-transport-1024x684.jpg\" alt=\"\" class=\"wp-image-2260\" srcset=\"https:\/\/pruveda.ch\/wp-content\/uploads\/2020\/11\/23-transport-1024x684.jpg 1024w, https:\/\/pruveda.ch\/wp-content\/uploads\/2020\/11\/23-transport-300x200.jpg 300w, https:\/\/pruveda.ch\/wp-content\/uploads\/2020\/11\/23-transport-768x513.jpg 768w, https:\/\/pruveda.ch\/wp-content\/uploads\/2020\/11\/23-transport.jpg 1200w\" sizes=\"auto, (max-width: 1024px) 100vw, 1024px\" \/><\/figure>\n\n\n\n<p class=\"has-medium-font-size\">2005<\/p>\n\n\n\n<p><a href=\"https:\/\/pruveda.ch\/wp-content\/uploads\/2020\/11\/Bericht-1.pdf\" target=\"_blank\" rel=\"noreferrer noopener\">1 Basel&nbsp; \u2013 Karlsruhe<\/a><\/p>\n\n\n\n<p class=\"has-vivid-red-color has-text-color\"><a href=\"https:\/\/pruveda.ch\/wp-content\/uploads\/2020\/11\/Bericht-2.pdf\" target=\"_blank\" rel=\"noreferrer noopener\">2 Karlsruhe \u2013 D\u00fcsseldorf<\/a><\/p>\n\n\n\n<p class=\"has-vivid-red-color has-text-color\"><a href=\"https:\/\/pruveda.ch\/wp-content\/uploads\/2020\/11\/Bericht-3.pdf\" target=\"_blank\" rel=\"noreferrer noopener\">3 D\u00fcsseldorf \u2013 Harderwijk<\/a><\/p>\n\n\n\n<p class=\"has-vivid-red-color has-text-color\"><a href=\"https:\/\/pruveda.ch\/wp-content\/uploads\/2020\/11\/Bericht-4.pdf\" target=\"_blank\" rel=\"noreferrer noopener\">4 Muiden \u2013 Hoorn<\/a><\/p>\n\n\n\n<p class=\"has-vivid-red-color has-text-color\"><a href=\"https:\/\/pruveda.ch\/wp-content\/uploads\/2020\/11\/Bericht-5.pdf\" target=\"_blank\" rel=\"noreferrer noopener\">5 Markermeer und Watteninsel<\/a><\/p>\n\n\n\n<p class=\"has-vivid-red-color has-text-color\"><a href=\"https:\/\/pruveda.ch\/wp-content\/uploads\/2020\/11\/Bericht-6.pdf\" target=\"_blank\" rel=\"noreferrer noopener\">6 Harlingen &#8211; Delfzijl<\/a><\/p>\n\n\n\n<p class=\"has-vivid-red-color has-text-color\"><a href=\"https:\/\/pruveda.ch\/wp-content\/uploads\/2020\/11\/Bericht-7.pdf\" target=\"_blank\" rel=\"noreferrer noopener\">7 Herbst in Delfzijl<\/a><\/p>\n\n\n\n<p class=\"has-vivid-red-color has-text-color\"><a href=\"https:\/\/pruveda.ch\/wp-content\/uploads\/2020\/11\/Bericht-8.pdf\" target=\"_blank\" rel=\"noreferrer noopener\">8 \u00dcberwintern in Delfzijl<\/a><\/p>\n<\/div>\n\n\n\n<div class=\"wp-block-column is-layout-flow wp-block-column-is-layout-flow\">\n<figure class=\"wp-block-image size-large\"><img loading=\"lazy\" decoding=\"async\" width=\"1024\" height=\"680\" src=\"https:\/\/pruveda.ch\/wp-content\/uploads\/2020\/11\/11-10-2006-1024x680.jpg\" alt=\"\" class=\"wp-image-1436\" srcset=\"https:\/\/pruveda.ch\/wp-content\/uploads\/2020\/11\/11-10-2006-1024x680.jpg 1024w, https:\/\/pruveda.ch\/wp-content\/uploads\/2020\/11\/11-10-2006-300x199.jpg 300w, https:\/\/pruveda.ch\/wp-content\/uploads\/2020\/11\/11-10-2006-768x510.jpg 768w, https:\/\/pruveda.ch\/wp-content\/uploads\/2020\/11\/11-10-2006.jpg 1200w\" sizes=\"auto, (max-width: 1024px) 100vw, 1024px\" \/><\/figure>\n\n\n\n<p class=\"has-medium-font-size\">2006<\/p>\n\n\n\n<p><a href=\"https:\/\/pruveda.ch\/wp-content\/uploads\/2020\/11\/Bericht-9.pdf\" target=\"_blank\" rel=\"noreferrer noopener\">9 Vorbereitung f\u00fcr die Weiterreise<\/a><\/p>\n\n\n\n<p><a href=\"https:\/\/pruveda.ch\/wp-content\/uploads\/2020\/11\/Bericht-10.pdf\" target=\"_blank\" rel=\"noreferrer noopener\">10 Borkum \u2013 Wangerooge<\/a><\/p>\n\n\n\n<p><a href=\"https:\/\/pruveda.ch\/wp-content\/uploads\/2020\/11\/Bericht-11.pdf\" target=\"_blank\" rel=\"noreferrer noopener\">11 Cuxhaven &#8211; Flensburger F\u00f6rde<\/a><\/p>\n\n\n\n<p><a href=\"https:\/\/pruveda.ch\/wp-content\/uploads\/2020\/11\/Bericht-12.pdf\" target=\"_blank\" rel=\"noreferrer noopener\">12 D\u00e4nische Ostsee<\/a><\/p>\n\n\n\n<p><a href=\"https:\/\/pruveda.ch\/wp-content\/uploads\/2020\/11\/Bericht-13.pdf\" target=\"_blank\" rel=\"noreferrer noopener\">13 Insel Anholt &#8211; Westschweden<\/a><\/p>\n\n\n\n<p><a href=\"https:\/\/pruveda.ch\/wp-content\/uploads\/2020\/11\/Bericht-14.pdf\" target=\"_blank\" rel=\"noreferrer noopener\">14 G\u00f6teborg &#8211; Str\u00f6mstad<\/a><\/p>\n\n\n\n<p><a href=\"https:\/\/pruveda.ch\/wp-content\/uploads\/2020\/11\/Bericht-15.pdf\" target=\"_blank\" rel=\"noreferrer noopener\">15 Str\u00f6mstad \u2013 Fredrikstad<\/a><\/p>\n\n\n\n<p><a href=\"https:\/\/pruveda.ch\/wp-content\/uploads\/2020\/11\/Bericht-16.pdf\" target=\"_blank\" rel=\"noreferrer noopener\">16 Saeby \u2013 Heiligenhafen<\/a><\/p>\n\n\n\n<p><a href=\"https:\/\/pruveda.ch\/wp-content\/uploads\/2020\/11\/Bericht-17.pdf\" target=\"_blank\" rel=\"noreferrer noopener\">17 Heiligenhafen- M\u00fcnster<\/a><\/p>\n\n\n\n<p><a href=\"https:\/\/pruveda.ch\/wp-content\/uploads\/2020\/11\/Bericht-19.pdf\" target=\"_blank\" rel=\"noreferrer noopener\">18 Besuch von Nah und Fern<\/a><\/p>\n<\/div>\n\n\n\n<div class=\"wp-block-column is-layout-flow wp-block-column-is-layout-flow\">\n<figure class=\"wp-block-image size-large\"><img loading=\"lazy\" decoding=\"async\" width=\"1024\" height=\"682\" src=\"https:\/\/pruveda.ch\/wp-content\/uploads\/2020\/11\/report-12.jpg\" alt=\"\" class=\"wp-image-2716\" srcset=\"https:\/\/pruveda.ch\/wp-content\/uploads\/2020\/11\/report-12.jpg 1024w, https:\/\/pruveda.ch\/wp-content\/uploads\/2020\/11\/report-12-300x200.jpg 300w, https:\/\/pruveda.ch\/wp-content\/uploads\/2020\/11\/report-12-768x512.jpg 768w\" sizes=\"auto, (max-width: 1024px) 100vw, 1024px\" \/><\/figure>\n\n\n\n<p class=\"has-medium-font-size\">2007<\/p>\n\n\n\n<p><a href=\"https:\/\/pruveda.ch\/wp-content\/uploads\/2020\/11\/Bericht-19.pdf\" target=\"_blank\" rel=\"noreferrer noopener\">19 Offenbach Januar \/ Februar<\/a><\/p>\n\n\n\n<p><a href=\"https:\/\/pruveda.ch\/wp-content\/uploads\/2020\/11\/Bericht-20.pdf\" target=\"_blank\" rel=\"noreferrer noopener\">20 Abschied in Offenbach M\u00e4rz<\/a><\/p>\n\n\n\n<p><a href=\"https:\/\/pruveda.ch\/wp-content\/uploads\/2020\/11\/Bericht-21.pdf\" target=\"_blank\" rel=\"noreferrer noopener\">21 Von Hessen zum Freistaat Bayern<\/a><\/p>\n\n\n\n<p><a href=\"https:\/\/pruveda.ch\/wp-content\/uploads\/2020\/11\/Bericht-22.pdf\" target=\"_blank\" rel=\"noreferrer noopener\">22 N\u00fcrnberg &#8211; Krems<\/a><\/p>\n\n\n\n<p><a href=\"https:\/\/pruveda.ch\/wp-content\/uploads\/2020\/11\/Bericht-23.pdf\" target=\"_blank\" rel=\"noreferrer noopener\">23 Wien &#8211; Belgrad<\/a><\/p>\n\n\n\n<p><a href=\"https:\/\/pruveda.ch\/wp-content\/uploads\/2020\/11\/Bericht-24.pdf\" target=\"_blank\" rel=\"noreferrer noopener\">24 Serbien &#8211; Bulgarien<\/a><\/p>\n\n\n\n<p><a href=\"https:\/\/pruveda.ch\/wp-content\/uploads\/2020\/11\/Bericht-25.pdf\" target=\"_blank\" rel=\"noreferrer noopener\">25 Vidin &#8211; Donaudelta<\/a><\/p>\n\n\n\n<p><a href=\"https:\/\/pruveda.ch\/wp-content\/uploads\/2020\/11\/Bericht-26.pdf\" target=\"_blank\" rel=\"noreferrer noopener\">26 Odessa &#8211; Bosporus<\/a><\/p>\n\n\n\n<p><a href=\"https:\/\/pruveda.ch\/wp-content\/uploads\/2020\/11\/Bericht-27.pdf\" target=\"_blank\" rel=\"noreferrer noopener\">27 Istanbul &#8211; Nord\u00e4g\u00e4is<\/a><\/p>\n\n\n\n<p><a href=\"https:\/\/pruveda.ch\/wp-content\/uploads\/2020\/11\/Bericht-28.pdf\" target=\"_blank\" rel=\"noreferrer noopener\">28 Winterquartier Ayvalik<\/a><\/p>\n\n\n\n<p><a href=\"https:\/\/pruveda.ch\/wp-content\/uploads\/2020\/11\/Bericht-29.pdf\" target=\"_blank\" rel=\"noreferrer noopener\">29 Kein Winterschlaf<\/a><\/p>\n<\/div>\n<\/div>\n\n\n\n<div class=\"wp-block-columns is-layout-flex wp-container-core-columns-is-layout-2 wp-block-columns-is-layout-flex\">\n<div class=\"wp-block-column is-layout-flow wp-block-column-is-layout-flow\">\n<figure class=\"wp-block-image size-large\"><img loading=\"lazy\" decoding=\"async\" width=\"1024\" height=\"681\" src=\"https:\/\/pruveda.ch\/wp-content\/uploads\/2020\/11\/32-01-2008.jpg\" alt=\"\" class=\"wp-image-2013\" srcset=\"https:\/\/pruveda.ch\/wp-content\/uploads\/2020\/11\/32-01-2008.jpg 1024w, https:\/\/pruveda.ch\/wp-content\/uploads\/2020\/11\/32-01-2008-300x200.jpg 300w, https:\/\/pruveda.ch\/wp-content\/uploads\/2020\/11\/32-01-2008-768x511.jpg 768w\" sizes=\"auto, (max-width: 1024px) 100vw, 1024px\" \/><\/figure>\n\n\n\n<p class=\"has-medium-font-size\">2008<\/p>\n\n\n\n<p><a href=\"https:\/\/pruveda.ch\/wp-content\/uploads\/2020\/11\/Bericht-30.pdf\" target=\"_blank\" rel=\"noreferrer noopener\">30 Aufenthalt in der Schweiz<\/a><\/p>\n\n\n\n<p><a href=\"https:\/\/pruveda.ch\/wp-content\/uploads\/2020\/11\/Bericht-31.pdf\" target=\"_blank\" rel=\"noreferrer noopener\">31 Sonntagsausflug nach Alibey<\/a><\/p>\n\n\n\n<p><a href=\"https:\/\/pruveda.ch\/wp-content\/uploads\/2020\/11\/Bericht-32.pdf\" target=\"_blank\" rel=\"noreferrer noopener\">32 Ausflug nach Pergamon<\/a><\/p>\n\n\n\n<p><a href=\"https:\/\/pruveda.chwp-content\/uploads\/2020\/11\/Bericht-33.pdf\" target=\"_blank\" rel=\"noreferrer noopener\">33 T\u00fcrkische Westk\u00fcste<\/a><\/p>\n\n\n\n<p><a href=\"https:\/\/pruveda.ch\/wp-content\/uploads\/2020\/11\/Bericht-34.pdf\" target=\"_blank\" rel=\"noreferrer noopener\">34 Samos bis Psara<\/a><\/p>\n\n\n\n<p><a href=\"https:\/\/pruveda.ch\/wp-content\/uploads\/2020\/11\/Bericht-35.pdf\" target=\"_blank\" rel=\"noreferrer noopener\">35 Chios bis Patmos<\/a><\/p>\n\n\n\n<p><a href=\"https:\/\/pruveda.ch\/wp-content\/uploads\/2020\/11\/Bericht-36.pdf\" target=\"_blank\" rel=\"noreferrer noopener\">36 Lipsi &#8211; Bucht Bozukkale<\/a><\/p>\n\n\n\n<p><a href=\"https:\/\/pruveda.ch\/wp-content\/uploads\/2020\/11\/Bericht-37.pdf\" target=\"_blank\" rel=\"noreferrer noopener\">37 Ausflug ins Flussdelta Dalyan<\/a><\/p>\n\n\n\n<p><a href=\"https:\/\/pruveda.ch\/wp-content\/uploads\/2020\/11\/Bericht-38.pdf\" target=\"_blank\" rel=\"noreferrer noopener\">38 Winterzeit<\/a><\/p>\n<\/div>\n\n\n\n<div class=\"wp-block-column is-layout-flow wp-block-column-is-layout-flow\">\n<figure class=\"wp-block-image size-large\"><img loading=\"lazy\" decoding=\"async\" width=\"1024\" height=\"680\" src=\"https:\/\/pruveda.ch\/wp-content\/uploads\/2020\/11\/40-05-2009-1024x680.jpg\" alt=\"\" class=\"wp-image-2014\" srcset=\"https:\/\/pruveda.ch\/wp-content\/uploads\/2020\/11\/40-05-2009-1024x680.jpg 1024w, https:\/\/pruveda.ch\/wp-content\/uploads\/2020\/11\/40-05-2009-300x199.jpg 300w, https:\/\/pruveda.ch\/wp-content\/uploads\/2020\/11\/40-05-2009-768x510.jpg 768w, https:\/\/pruveda.ch\/wp-content\/uploads\/2020\/11\/40-05-2009.jpg 1042w\" sizes=\"auto, (max-width: 1024px) 100vw, 1024px\" \/><\/figure>\n\n\n\n<p class=\"has-medium-font-size\">2009<\/p>\n\n\n\n<p><a href=\"https:\/\/pruveda.ch\/wp-content\/uploads\/2020\/11\/Bericht-39.pdf\" target=\"_blank\" rel=\"noreferrer noopener\">39 Verk\u00fcrzte Segelsaison<\/a><\/p>\n\n\n\n<p><a href=\"https:\/\/pruveda.ch\/wp-content\/uploads\/2020\/11\/Bericht-40.pdf\" target=\"_blank\" rel=\"noreferrer noopener\">40 Ein etwas verz\u00f6gerter Start<\/a><\/p>\n\n\n\n<p><a href=\"https:\/\/pruveda.ch\/wp-content\/uploads\/2020\/11\/Bericht-41.pdf\" target=\"_blank\" rel=\"noreferrer noopener\">41 Marmaris Yacht Marina<\/a><\/p>\n<\/div>\n\n\n\n<div class=\"wp-block-column is-layout-flow wp-block-column-is-layout-flow\">\n<figure class=\"wp-block-image size-large\"><img loading=\"lazy\" decoding=\"async\" width=\"1024\" height=\"680\" src=\"https:\/\/pruveda.ch\/wp-content\/uploads\/2020\/11\/42-11-2010-1-1024x680.jpg\" alt=\"\" class=\"wp-image-2016\" srcset=\"https:\/\/pruveda.ch\/wp-content\/uploads\/2020\/11\/42-11-2010-1-1024x680.jpg 1024w, https:\/\/pruveda.ch\/wp-content\/uploads\/2020\/11\/42-11-2010-1-300x199.jpg 300w, https:\/\/pruveda.ch\/wp-content\/uploads\/2020\/11\/42-11-2010-1-768x510.jpg 768w, https:\/\/pruveda.ch\/wp-content\/uploads\/2020\/11\/42-11-2010-1.jpg 1042w\" sizes=\"auto, (max-width: 1024px) 100vw, 1024px\" \/><\/figure>\n\n\n\n<p class=\"has-medium-font-size\">2010<\/p>\n\n\n\n<p><a href=\"https:\/\/pruveda.ch\/wp-content\/uploads\/2020\/11\/Bericht-42.pdf\" target=\"_blank\" rel=\"noreferrer noopener\">42 Ausflug nach Rhodos<\/a><\/p>\n\n\n\n<p><a href=\"https:\/\/pruveda.ch\/wp-content\/uploads\/2020\/11\/Bericht-43.pdf\" target=\"_blank\" rel=\"noreferrer noopener\">43 Ausflug nach Kappadokien<\/a><\/p>\n\n\n\n<p><a href=\"https:\/\/pruveda.ch\/wp-content\/uploads\/2020\/11\/Bericht-44.pdf\" target=\"_blank\" rel=\"noreferrer noopener\">44 Willkommen in Griechischen Gew\u00e4ssern<\/a><\/p>\n\n\n\n<p><a href=\"https:\/\/pruveda.ch\/wp-content\/uploads\/2020\/11\/Bericht-45.pdf\" target=\"_blank\" rel=\"noreferrer noopener\">45 H\u00f6llenritt zu den Kikladen<\/a><\/p>\n\n\n\n<p><a href=\"https:\/\/pruveda.ch\/wp-content\/uploads\/2020\/11\/Bericht-46.pdf\" target=\"_blank\" rel=\"noreferrer noopener\">46 Die schwarze Vulkaninsel<\/a><\/p>\n\n\n\n<p><a href=\"https:\/\/pruveda.ch\/wordpress\/wp-content\/uploads\/2020\/11\/Bericht-47.pdf\" target=\"_blank\" rel=\"noreferrer noopener\">47 Sp\u00e4therbst Segeln<\/a><\/p>\n\n\n\n<p><a href=\"https:\/\/pruveda.ch\/wp-content\/uploads\/2020\/11\/Bericht-48.pdf\" target=\"_blank\" rel=\"noreferrer noopener\">48 Didyma Tempel<\/a><\/p>\n\n\n\n<p><a href=\"https:\/\/pruveda.ch\/wp-content\/uploads\/2020\/11\/Bericht-49.pdf\" target=\"_blank\" rel=\"noreferrer noopener\">49 Olivenernte in Lesbos<\/a><\/p>\n<\/div>\n<\/div>\n\n\n\n<div class=\"wp-block-columns is-layout-flex wp-container-core-columns-is-layout-3 wp-block-columns-is-layout-flex\">\n<div class=\"wp-block-column is-layout-flow wp-block-column-is-layout-flow\">\n<figure class=\"wp-block-image size-large\"><img loading=\"lazy\" decoding=\"async\" width=\"1024\" height=\"768\" src=\"https:\/\/pruveda.ch\/wp-content\/uploads\/2020\/11\/55-01-2011.jpg\" alt=\"\" class=\"wp-image-2017\" srcset=\"https:\/\/pruveda.ch\/wp-content\/uploads\/2020\/11\/55-01-2011.jpg 1024w, https:\/\/pruveda.ch\/wp-content\/uploads\/2020\/11\/55-01-2011-300x225.jpg 300w, https:\/\/pruveda.ch\/wp-content\/uploads\/2020\/11\/55-01-2011-768x576.jpg 768w\" sizes=\"auto, (max-width: 1024px) 100vw, 1024px\" \/><\/figure>\n\n\n\n<p class=\"has-medium-font-size\">2011<\/p>\n\n\n\n<p><a href=\"https:\/\/pruveda.ch\/wp-content\/uploads\/2020\/11\/Bericht-50.pdf\" target=\"_blank\" rel=\"noreferrer noopener\">50 Sonntagsspazierg\u00e4nge auf Lesbos<\/a><\/p>\n\n\n\n<p><a href=\"https:\/\/pruveda.ch\/wp-content\/uploads\/2020\/11\/Bericht-51.pdf\" target=\"_blank\" rel=\"noreferrer noopener\">51 Achtung der Boss kommt!<\/a><\/p>\n\n\n\n<p><a href=\"https:\/\/pruveda.ch\/wordpress\/wp-content\/uploads\/2020\/11\/Bericht-52.pdf\" target=\"_blank\" rel=\"noreferrer noopener\">52 St\u00fcrmische K\u00e4lte<\/a><\/p>\n\n\n\n<p><a href=\"https:\/\/pruveda.ch\/wp-content\/uploads\/2020\/11\/Bericht-53.pdf\" target=\"_blank\" rel=\"noreferrer noopener\">53 Adieu sch\u00f6nes Lesbos<\/a><\/p>\n\n\n\n<p><a href=\"https:\/\/pruveda.ch\/wp-content\/uploads\/2020\/11\/Bericht-55.pdf\" target=\"_blank\" rel=\"noreferrer noopener\">54 Insel Alonissos<\/a><\/p>\n\n\n\n<p><a href=\"https:\/\/pruveda.ch\/wp-content\/uploads\/2020\/11\/Bericht-55.pdf\" target=\"_blank\" rel=\"noreferrer noopener\">55 Durch die \u00c4g\u00e4is<\/a><\/p>\n\n\n\n<p><a href=\"https:\/\/pruveda.ch\/wp-content\/uploads\/2020\/11\/Bericht-56.pdf\" target=\"_blank\" rel=\"noreferrer noopener\">56 Ferien in Marmaris<\/a><\/p>\n\n\n\n<p><a href=\"https:\/\/pruveda.ch\/wp-content\/uploads\/2020\/11\/Bericht-57.pdf\" target=\"_blank\" rel=\"noreferrer noopener\">57 Markt von Mugla<\/a><\/p>\n<\/div>\n\n\n\n<div class=\"wp-block-column is-layout-flow wp-block-column-is-layout-flow\">\n<figure class=\"wp-block-image size-large\"><img loading=\"lazy\" decoding=\"async\" width=\"1024\" height=\"768\" src=\"https:\/\/pruveda.ch\/wp-content\/uploads\/2020\/11\/62-24-2012.jpg\" alt=\"\" class=\"wp-image-2018\" srcset=\"https:\/\/pruveda.ch\/wp-content\/uploads\/2020\/11\/62-24-2012.jpg 1024w, https:\/\/pruveda.ch\/wp-content\/uploads\/2020\/11\/62-24-2012-300x225.jpg 300w, https:\/\/pruveda.ch\/wp-content\/uploads\/2020\/11\/62-24-2012-768x576.jpg 768w\" sizes=\"auto, (max-width: 1024px) 100vw, 1024px\" \/><\/figure>\n\n\n\n<p class=\"has-medium-font-size\">2012<\/p>\n\n\n\n<p><a href=\"https:\/\/pruveda.ch\/wp-content\/uploads\/2020\/11\/Bericht-58.pdf\" target=\"_blank\" rel=\"noreferrer noopener\">58 Die grosse Freiheit<\/a><\/p>\n\n\n\n<p><a href=\"https:\/\/pruveda.ch\/wp-content\/uploads\/2020\/11\/Bericht-59.pdf\" target=\"_blank\" rel=\"noreferrer noopener\">59 Wintersturm<\/a><\/p>\n\n\n\n<p><a href=\"https:\/\/pruveda.ch\/wp-content\/uploads\/2020\/11\/Bericht-60.pdf\" target=\"_blank\" rel=\"noreferrer noopener\">60 Arbeit ohne Ende<\/a><\/p>\n\n\n\n<p><a href=\"https:\/\/pruveda.ch\/wp-content\/uploads\/2020\/11\/Bericht-61.pdf\" target=\"_blank\" rel=\"noreferrer noopener\">61 Symi bis Chora<\/a><\/p>\n\n\n\n<p><a href=\"https:\/\/pruveda.ch\/wp-content\/uploads\/2020\/11\/Bericht-62.pdf\" target=\"_blank\" rel=\"noreferrer noopener\">62 Der Kanal von Korinth<\/a><\/p>\n\n\n\n<p><a href=\"https:\/\/pruveda.ch\/wp-content\/uploads\/2020\/11\/Bericht-63.pdf\" target=\"_blank\" rel=\"noreferrer noopener\">63 Golf von Korinth<\/a><\/p>\n\n\n\n<p><a href=\"https:\/\/pruveda.ch\/wp-content\/uploads\/2020\/11\/Bericht-64.pdf\" target=\"_blank\" rel=\"noreferrer noopener\">64 Odyssee nach Trizonia<\/a><\/p>\n<\/div>\n\n\n\n<div class=\"wp-block-column is-layout-flow wp-block-column-is-layout-flow\">\n<figure class=\"wp-block-image size-large\"><img loading=\"lazy\" decoding=\"async\" width=\"1024\" height=\"768\" src=\"https:\/\/pruveda.ch\/wp-content\/uploads\/2020\/11\/65-07-2013-1.jpg\" alt=\"\" class=\"wp-image-2019\" srcset=\"https:\/\/pruveda.ch\/wp-content\/uploads\/2020\/11\/65-07-2013-1.jpg 1024w, https:\/\/pruveda.ch\/wp-content\/uploads\/2020\/11\/65-07-2013-1-300x225.jpg 300w, https:\/\/pruveda.ch\/wp-content\/uploads\/2020\/11\/65-07-2013-1-768x576.jpg 768w\" sizes=\"auto, (max-width: 1024px) 100vw, 1024px\" \/><\/figure>\n\n\n\n<p class=\"has-medium-font-size\">2013<\/p>\n\n\n\n<p><a href=\"https:\/\/pruveda.ch\/wp-content\/uploads\/2020\/11\/Winterbericht-2012-2013.pdf\" target=\"_blank\" rel=\"noreferrer noopener\">2012\/13 Winterbericht<\/a><\/p>\n\n\n\n<p><a href=\"https:\/\/pruveda.ch\/wp-content\/uploads\/2020\/11\/Reisebericht-65-2013.pdf\" target=\"_blank\" rel=\"noreferrer noopener\">65 Schwebenden Kl\u00f6ster<\/a><\/p>\n\n\n\n<p><a href=\"https:\/\/pruveda.ch\/wp-content\/uploads\/2020\/11\/Reisebericht-66-2013.pdf\" target=\"_blank\" rel=\"noreferrer noopener\">66 Die Schwarzen Berge<\/a><\/p>\n\n\n\n<p><a href=\"https:\/\/pruveda.ch\/wp-content\/uploads\/2020\/11\/Reisebericht-67-2013.pdf\" target=\"_blank\" rel=\"noreferrer noopener\">67 Die Wein Insel<\/a><\/p>\n\n\n\n<p><a href=\"https:\/\/pruveda.ch\/wp-content\/uploads\/2020\/11\/Reisebericht-68-2013.pdf\" target=\"_blank\" rel=\"noreferrer noopener\">68 Inselh\u00fcpfen<\/a><\/p>\n<\/div>\n<\/div>\n\n\n\n<div class=\"wp-block-columns is-layout-flex wp-container-core-columns-is-layout-4 wp-block-columns-is-layout-flex\">\n<div class=\"wp-block-column is-layout-flow wp-block-column-is-layout-flow\">\n<figure class=\"wp-block-image size-large\"><img loading=\"lazy\" decoding=\"async\" width=\"1024\" height=\"768\" src=\"https:\/\/pruveda.ch\/wp-content\/uploads\/2020\/11\/69-13-2014.jpg\" alt=\"\" class=\"wp-image-1451\" srcset=\"https:\/\/pruveda.ch\/wp-content\/uploads\/2020\/11\/69-13-2014.jpg 1024w, https:\/\/pruveda.ch\/wp-content\/uploads\/2020\/11\/69-13-2014-300x225.jpg 300w, https:\/\/pruveda.ch\/wp-content\/uploads\/2020\/11\/69-13-2014-768x576.jpg 768w\" sizes=\"auto, (max-width: 1024px) 100vw, 1024px\" \/><\/figure>\n\n\n\n<p class=\"has-medium-font-size\">2014<\/p>\n\n\n\n<p><a href=\"https:\/\/pruveda.ch\/wp-content\/uploads\/2020\/11\/Reisebericht-69-2014.pdf\" target=\"_blank\" rel=\"noreferrer noopener\">69 Pr\u00fcveda macht Pause<\/a><\/p>\n<\/div>\n\n\n\n<div class=\"wp-block-column is-layout-flow wp-block-column-is-layout-flow\">\n<figure class=\"wp-block-image size-large\"><img loading=\"lazy\" decoding=\"async\" width=\"1024\" height=\"768\" src=\"https:\/\/pruveda.ch\/wp-content\/uploads\/2020\/11\/70-17-2015.jpg\" alt=\"\" class=\"wp-image-2026\" srcset=\"https:\/\/pruveda.ch\/wp-content\/uploads\/2020\/11\/70-17-2015.jpg 1024w, https:\/\/pruveda.ch\/wp-content\/uploads\/2020\/11\/70-17-2015-300x225.jpg 300w, https:\/\/pruveda.ch\/wp-content\/uploads\/2020\/11\/70-17-2015-768x576.jpg 768w\" sizes=\"auto, (max-width: 1024px) 100vw, 1024px\" \/><\/figure>\n\n\n\n<p class=\"has-medium-font-size\">2015<\/p>\n\n\n\n<p><a href=\"https:\/\/pruveda.ch\/wp-content\/uploads\/2020\/11\/Reisebericht-70-2015.pdf\" target=\"_blank\" rel=\"noreferrer noopener\">70 Italien bis Kroatien<\/a><\/p>\n\n\n\n<p><a href=\"https:\/\/pruveda.ch\/wp-content\/uploads\/2020\/11\/Reisebericht-71-2015.pdf\" target=\"_blank\" rel=\"noreferrer noopener\">71 Kroatien bis Vieste<\/a><\/p>\n\n\n\n<p><a href=\"https:\/\/pruveda.ch\/wp-content\/uploads\/2020\/11\/Reisebericht-72-2015.pdf\" target=\"_blank\" rel=\"noreferrer noopener\">72 Vieste bis Brindisi<\/a><\/p>\n\n\n\n<p><a href=\"https:\/\/pruveda.ch\/wp-content\/uploads\/2020\/11\/Reisebericht-73-2015.pdf\" target=\"_blank\" rel=\"noreferrer noopener\">73 Brindisi bis Taormina<\/a><\/p>\n\n\n\n<p><a href=\"https:\/\/pruveda.ch\/wp-content\/uploads\/2020\/11\/Reisebericht-74-2015.pdf\" target=\"_blank\" rel=\"noreferrer noopener\">74 Taormina bis Ragusa<\/a><\/p>\n<\/div>\n\n\n\n<div class=\"wp-block-column is-layout-flow wp-block-column-is-layout-flow\">\n<figure class=\"wp-block-image size-large\"><img loading=\"lazy\" decoding=\"async\" width=\"1024\" height=\"768\" src=\"https:\/\/pruveda.ch\/wp-content\/uploads\/2020\/11\/81-13-2016.jpg\" alt=\"\" class=\"wp-image-2027\" srcset=\"https:\/\/pruveda.ch\/wp-content\/uploads\/2020\/11\/81-13-2016.jpg 1024w, https:\/\/pruveda.ch\/wp-content\/uploads\/2020\/11\/81-13-2016-300x225.jpg 300w, https:\/\/pruveda.ch\/wp-content\/uploads\/2020\/11\/81-13-2016-768x576.jpg 768w\" sizes=\"auto, (max-width: 1024px) 100vw, 1024px\" \/><\/figure>\n\n\n\n<p class=\"has-medium-font-size\">2016<\/p>\n\n\n\n<p><a href=\"https:\/\/pruveda.ch\/wp-content\/uploads\/2020\/11\/Reisebericht-75-2016.pdf\" target=\"_blank\" rel=\"noreferrer noopener\">75 Marina di Ragusa<\/a><\/p>\n\n\n\n<p><a href=\"https:\/\/pruveda.ch\/wp-content\/uploads\/2020\/11\/Reisebericht-76-2016.pdf\" target=\"_blank\" rel=\"noreferrer noopener\">76 Kulturferien auf Sizilien<\/a><\/p>\n\n\n\n<p><a href=\"https:\/\/pruveda.ch\/wp-content\/uploads\/2020\/11\/Reisebericht-77-2016.pdf\" target=\"_blank\" rel=\"noreferrer noopener\">77 Saisonetappe Malta<\/a><\/p>\n\n\n\n<p><a href=\"https:\/\/pruveda.ch\/wp-content\/uploads\/2020\/11\/Reisebericht-78-2016.pdf\" target=\"_blank\" rel=\"noreferrer noopener\">78 Sizilien-Albanien-Griechenland<\/a><\/p>\n\n\n\n<p><a href=\"https:\/\/pruveda.ch\/wp-content\/uploads\/2020\/11\/Reisebericht-79-2016.pdf\" target=\"_blank\" rel=\"noreferrer noopener\">79 Nichtstun auf der Insel<\/a><\/p>\n\n\n\n<p><a href=\"https:\/\/pruveda.ch\/wp-content\/uploads\/2020\/11\/Reisebericht-80-2016.pdf\" target=\"_blank\" rel=\"noreferrer noopener\">80 Zur\u00fcck im Segel-Alltag<\/a><\/p>\n\n\n\n<p><a href=\"https:\/\/pruveda.ch\/wp-content\/uploads\/2020\/11\/Reisebericht-81-2016.pdf\" target=\"_blank\" rel=\"noreferrer noopener\">81 Winter &#8211; Aktivit\u00e4ten<\/a><\/p>\n<\/div>\n<\/div>\n","protected":false},"excerpt":{"rendered":"<p>Reiseberichte 2005-2016 (PDF) 2005 1 Basel&nbsp; \u2013 Karlsruhe 2 Karlsruhe \u2013 D\u00fcsseldorf 3 D\u00fcsseldorf \u2013 Harderwijk 4 Muiden \u2013 Hoorn 5 Markermeer und Watteninsel 6 Harlingen &#8211; Delfzijl 7 Herbst in Delfzijl 8 \u00dcberwintern in Delfzijl 2006 9 Vorbereitung f\u00fcr die Weiterreise 10 Borkum \u2013 Wangerooge 11 Cuxhaven &#8211; Flensburger&#8230;<\/p>\n","protected":false},"author":1,"featured_media":0,"parent":1332,"menu_order":0,"comment_status":"closed","ping_status":"closed","template":"","meta":{"ngg_post_thumbnail":0,"footnotes":""},"folder":[],"class_list":["post-177","page","type-page","status-publish","hentry"],"featured_image_urls_v2":{"full":"","thumbnail":"","medium":"","medium_large":"","large":"","1536x1536":"","2048x2048":"","screenr-blog-grid-small":"","screenr-blog-grid":"","screenr-blog-list":"","screenr-service-small":""},"post_excerpt_stackable_v2":"<p>Reiseberichte 2005-2016 (PDF) 2005 1 Basel&nbsp; \u2013 Karlsruhe 2 Karlsruhe \u2013 D\u00fcsseldorf 3 D\u00fcsseldorf \u2013 Harderwijk 4 Muiden \u2013 Hoorn 5 Markermeer und Watteninsel 6 Harlingen &#8211; Delfzijl 7 Herbst in Delfzijl 8 \u00dcberwintern in Delfzijl 2006 9 Vorbereitung f\u00fcr die Weiterreise 10 Borkum \u2013 Wangerooge 11 Cuxhaven &#8211; Flensburger F\u00f6rde 12 D\u00e4nische Ostsee 13 Insel Anholt &#8211; Westschweden 14 G\u00f6teborg &#8211; Str\u00f6mstad 15 Str\u00f6mstad \u2013 Fredrikstad 16 Saeby \u2013 Heiligenhafen 17 Heiligenhafen- M\u00fcnster 18 Besuch von Nah und Fern 2007 19 Offenbach Januar \/ Februar 20 Abschied in Offenbach M\u00e4rz 21 Von Hessen zum Freistaat Bayern 22 N\u00fcrnberg &#8211;&hellip;<\/p>\n","category_list_v2":"","author_info_v2":{"name":"admin","url":"https:\/\/pruveda.ch\/?author=1"},"comments_num_v2":"0 comments","_links":{"self":[{"href":"https:\/\/pruveda.ch\/index.php?rest_route=\/wp\/v2\/pages\/177","targetHints":{"allow":["GET"]}}],"collection":[{"href":"https:\/\/pruveda.ch\/index.php?rest_route=\/wp\/v2\/pages"}],"about":[{"href":"https:\/\/pruveda.ch\/index.php?rest_route=\/wp\/v2\/types\/page"}],"author":[{"embeddable":true,"href":"https:\/\/pruveda.ch\/index.php?rest_route=\/wp\/v2\/users\/1"}],"replies":[{"embeddable":true,"href":"https:\/\/pruveda.ch\/index.php?rest_route=%2Fwp%2Fv2%2Fcomments&post=177"}],"version-history":[{"count":61,"href":"https:\/\/pruveda.ch\/index.php?rest_route=\/wp\/v2\/pages\/177\/revisions"}],"predecessor-version":[{"id":2739,"href":"https:\/\/pruveda.ch\/index.php?rest_route=\/wp\/v2\/pages\/177\/revisions\/2739"}],"up":[{"embeddable":true,"href":"https:\/\/pruveda.ch\/index.php?rest_route=\/wp\/v2\/pages\/1332"}],"wp:attachment":[{"href":"https:\/\/pruveda.ch\/index.php?rest_route=%2Fwp%2Fv2%2Fmedia&parent=177"}],"wp:term":[{"taxonomy":"folder","embeddable":true,"href":"https:\/\/pruveda.ch\/index.php?rest_route=%2Fwp%2Fv2%2Ffolder&post=177"}],"curies":[{"name":"wp","href":"https:\/\/api.w.org\/{rel}","templated":true}]}}